{"id":331,"date":"2023-04-17T22:53:31","date_gmt":"2023-04-18T01:53:31","guid":{"rendered":"https:\/\/securesellcorretora.com.br\/?page_id=331"},"modified":"2023-06-23T19:58:40","modified_gmt":"2023-06-23T22:58:40","slug":"seguro-vida","status":"publish","type":"page","link":"https:\/\/securesellcorretora.com.br\/index.php\/seguro-vida\/","title":{"rendered":"Seguro Vida"},"content":{"rendered":"\t\t<div data-elementor-type=\"wp-page\" data-elementor-id=\"331\" class=\"elementor elementor-331\">\n\t\t\t\t\t\t\t\t\t<section class=\"elementor-section elementor-top-section elementor-element elementor-element-e2ab118 elementor-section-height-min-height elementor-section-items-stretch elementor-section-content-middle elementor-reverse-tablet elementor-reverse-mobile elementor-section-boxed elementor-section-height-default\" data-id=\"e2ab118\" data-element_type=\"section\" data-settings=\"{&quot;background_background&quot;:&quot;classic&quot;}\">\n\t\t\t\t\t\t\t<div class=\"elementor-background-overlay\"><\/div>\n\t\t\t\t\t\t\t<div class=\"elementor-container elementor-column-gap-no\">\n\t\t\t\t\t<div class=\"elementor-column elementor-col-100 elementor-top-column elementor-element elementor-element-65942c07\" data-id=\"65942c07\" data-element_type=\"column\" data-settings=\"{&quot;background_background&quot;:&quot;classic&quot;}\">\n\t\t\t<div class=\"elementor-widget-wrap elementor-element-populated\">\n\t\t\t\t\t\t\t\t<div class=\"elementor-element elementor-element-6758b2dd elementor-widget elementor-widget-heading\" data-id=\"6758b2dd\" data-element_type=\"widget\" data-widget_type=\"heading.default\">\n\t\t\t\t<div class=\"elementor-widget-container\">\n\t\t\t<style>\/*! elementor - v3.12.1 - 02-04-2023 *\/\n.elementor-heading-title{padding:0;margin:0;line-height:1}.elementor-widget-heading .elementor-heading-title[class*=elementor-size-]>a{color:inherit;font-size:inherit;line-height:inherit}.elementor-widget-heading .elementor-heading-title.elementor-size-small{font-size:15px}.elementor-widget-heading .elementor-heading-title.elementor-size-medium{font-size:19px}.elementor-widget-heading .elementor-heading-title.elementor-size-large{font-size:29px}.elementor-widget-heading .elementor-heading-title.elementor-size-xl{font-size:39px}.elementor-widget-heading .elementor-heading-title.elementor-size-xxl{font-size:59px}<\/style><h1 class=\"elementor-heading-title elementor-size-default\">Seguro Vida<\/h1>\t\t<\/div>\n\t\t\t\t<\/div>\n\t\t\t\t<div class=\"elementor-element elementor-element-dbcd59b elementor-widget elementor-widget-text-editor\" data-id=\"dbcd59b\" data-element_type=\"widget\" data-widget_type=\"text-editor.default\">\n\t\t\t\t<div class=\"elementor-widget-container\">\n\t\t\t<style>\/*! elementor - v3.12.1 - 02-04-2023 *\/\n.elementor-widget-text-editor.elementor-drop-cap-view-stacked .elementor-drop-cap{background-color:#69727d;color:#fff}.elementor-widget-text-editor.elementor-drop-cap-view-framed .elementor-drop-cap{color:#69727d;border:3px solid;background-color:transparent}.elementor-widget-text-editor:not(.elementor-drop-cap-view-default) .elementor-drop-cap{margin-top:8px}.elementor-widget-text-editor:not(.elementor-drop-cap-view-default) .elementor-drop-cap-letter{width:1em;height:1em}.elementor-widget-text-editor .elementor-drop-cap{float:left;text-align:center;line-height:1;font-size:50px}.elementor-widget-text-editor .elementor-drop-cap-letter{display:inline-block}<\/style>\t\t\t\t<p>Voc\u00ea merece estar tranquilo. N\u00f3s temos a solu\u00e7\u00e3o!<\/p>\t\t\t\t\t\t<\/div>\n\t\t\t\t<\/div>\n\t\t\t\t\t<\/div>\n\t\t<\/div>\n\t\t\t\t\t\t\t<\/div>\n\t\t<\/section>\n\t\t\t\t<section class=\"elementor-section elementor-top-section elementor-element elementor-element-1f818a6 elementor-section-height-min-height elementor-section-content-middle elementor-section-boxed elementor-section-height-default elementor-section-items-middle\" data-id=\"1f818a6\" data-element_type=\"section\" data-settings=\"{&quot;background_background&quot;:&quot;classic&quot;}\">\n\t\t\t\t\t\t<div class=\"elementor-container elementor-column-gap-default\">\n\t\t\t\t\t<div class=\"elementor-column elementor-col-100 elementor-top-column elementor-element elementor-element-8858409\" data-id=\"8858409\" data-element_type=\"column\">\n\t\t\t<div class=\"elementor-widget-wrap elementor-element-populated\">\n\t\t\t\t\t\t\t\t<div class=\"elementor-element elementor-element-96a2b1a elementor-widget elementor-widget-text-editor\" data-id=\"96a2b1a\" data-element_type=\"widget\" data-widget_type=\"text-editor.default\">\n\t\t\t\t<div class=\"elementor-widget-container\">\n\t\t\t\t\t\t\t<p>Escolha seguran\u00e7a financeira para sua fam\u00edlia em momentos dif\u00edceis. Conhe\u00e7a mais sobre o seguro de vida e tenha uma vida mais tranquila!<\/p>\t\t\t\t\t\t<\/div>\n\t\t\t\t<\/div>\n\t\t\t\t\t<\/div>\n\t\t<\/div>\n\t\t\t\t\t\t\t<\/div>\n\t\t<\/section>\n\t\t\t\t<section class=\"elementor-section elementor-top-section elementor-element elementor-element-6d68874 elementor-section-boxed elementor-section-height-default elementor-section-height-default\" data-id=\"6d68874\" data-element_type=\"section\">\n\t\t\t\t\t\t<div class=\"elementor-container elementor-column-gap-no\">\n\t\t\t\t\t<div class=\"elementor-column elementor-col-100 elementor-top-column elementor-element elementor-element-82e6ca8\" data-id=\"82e6ca8\" data-element_type=\"column\">\n\t\t\t<div class=\"elementor-widget-wrap elementor-element-populated\">\n\t\t\t\t\t\t\t\t<section class=\"elementor-section elementor-inner-section elementor-element elementor-element-e8b5523 elementor-section-full_width elementor-hidden-desktop elementor-section-height-default elementor-section-height-default\" data-id=\"e8b5523\" data-element_type=\"section\">\n\t\t\t\t\t\t<div class=\"elementor-container elementor-column-gap-no\">\n\t\t\t\t\t<div class=\"elementor-column elementor-col-16 elementor-inner-column elementor-element elementor-element-b87b1a8\" data-id=\"b87b1a8\" data-element_type=\"column\">\n\t\t\t<div class=\"elementor-widget-wrap elementor-element-populated\">\n\t\t\t\t\t\t\t\t<div class=\"elementor-element elementor-element-6d0d207 elementor-position-left elementor-vertical-align-middle elementor-widget elementor-widget-image-box\" data-id=\"6d0d207\" data-element_type=\"widget\" data-widget_type=\"image-box.default\">\n\t\t\t\t<div class=\"elementor-widget-container\">\n\t\t\t<style>\/*! elementor - v3.12.1 - 02-04-2023 *\/\n.elementor-widget-image-box .elementor-image-box-content{width:100%}@media (min-width:768px){.elementor-widget-image-box.elementor-position-left .elementor-image-box-wrapper,.elementor-widget-image-box.elementor-position-right .elementor-image-box-wrapper{display:flex}.elementor-widget-image-box.elementor-position-right .elementor-image-box-wrapper{text-align:right;flex-direction:row-reverse}.elementor-widget-image-box.elementor-position-left .elementor-image-box-wrapper{text-align:left;flex-direction:row}.elementor-widget-image-box.elementor-position-top .elementor-image-box-img{margin:auto}.elementor-widget-image-box.elementor-vertical-align-top .elementor-image-box-wrapper{align-items:flex-start}.elementor-widget-image-box.elementor-vertical-align-middle .elementor-image-box-wrapper{align-items:center}.elementor-widget-image-box.elementor-vertical-align-bottom .elementor-image-box-wrapper{align-items:flex-end}}@media (max-width:767px){.elementor-widget-image-box .elementor-image-box-img{margin-left:auto!important;margin-right:auto!important;margin-bottom:15px}}.elementor-widget-image-box .elementor-image-box-img{display:inline-block}.elementor-widget-image-box .elementor-image-box-title a{color:inherit}.elementor-widget-image-box .elementor-image-box-wrapper{text-align:center}.elementor-widget-image-box .elementor-image-box-description{margin:0}<\/style><div class=\"elementor-image-box-wrapper\"><figure class=\"elementor-image-box-img\"><img decoding=\"async\" width=\"300\" height=\"300\" src=\"https:\/\/securesellcorretora.com.br\/wp-content\/uploads\/2023\/05\/Cobertura-em-caso-de-morte-acidental-e-natural-300x300.png\" class=\"elementor-animation-grow attachment-medium size-medium wp-image-402\" alt=\"\" srcset=\"https:\/\/securesellcorretora.com.br\/wp-content\/uploads\/2023\/05\/Cobertura-em-caso-de-morte-acidental-e-natural-300x300.png 300w, https:\/\/securesellcorretora.com.br\/wp-content\/uploads\/2023\/05\/Cobertura-em-caso-de-morte-acidental-e-natural-1024x1024.png 1024w, https:\/\/securesellcorretora.com.br\/wp-content\/uploads\/2023\/05\/Cobertura-em-caso-de-morte-acidental-e-natural-150x150.png 150w, https:\/\/securesellcorretora.com.br\/wp-content\/uploads\/2023\/05\/Cobertura-em-caso-de-morte-acidental-e-natural-768x768.png 768w, https:\/\/securesellcorretora.com.br\/wp-content\/uploads\/2023\/05\/Cobertura-em-caso-de-morte-acidental-e-natural-600x600.png 600w, https:\/\/securesellcorretora.com.br\/wp-content\/uploads\/2023\/05\/Cobertura-em-caso-de-morte-acidental-e-natural-100x100.png 100w, https:\/\/securesellcorretora.com.br\/wp-content\/uploads\/2023\/05\/Cobertura-em-caso-de-morte-acidental-e-natural.png 1200w\" sizes=\"(max-width: 300px) 100vw, 300px\" \/><\/figure><div class=\"elementor-image-box-content\"><h4 class=\"elementor-image-box-title\">Cobertura em caso de morte acidental e natural<\/h4><\/div><\/div>\t\t<\/div>\n\t\t\t\t<\/div>\n\t\t\t\t\t<\/div>\n\t\t<\/div>\n\t\t\t\t<div class=\"elementor-column elementor-col-16 elementor-inner-column elementor-element elementor-element-306f37c\" data-id=\"306f37c\" data-element_type=\"column\">\n\t\t\t<div class=\"elementor-widget-wrap elementor-element-populated\">\n\t\t\t\t\t\t\t\t<div class=\"elementor-element elementor-element-b956fbc elementor-position-left elementor-vertical-align-middle elementor-widget elementor-widget-image-box\" data-id=\"b956fbc\" data-element_type=\"widget\" data-widget_type=\"image-box.default\">\n\t\t\t\t<div class=\"elementor-widget-container\">\n\t\t\t<div class=\"elementor-image-box-wrapper\"><figure class=\"elementor-image-box-img\"><img decoding=\"async\" width=\"300\" height=\"300\" src=\"https:\/\/securesellcorretora.com.br\/wp-content\/uploads\/2023\/05\/Seguranca-financeira-em-caso-de-doencas-graves-e-acidentes-300x300.png\" class=\"elementor-animation-grow attachment-medium size-medium wp-image-404\" alt=\"\" srcset=\"https:\/\/securesellcorretora.com.br\/wp-content\/uploads\/2023\/05\/Seguranca-financeira-em-caso-de-doencas-graves-e-acidentes-300x300.png 300w, https:\/\/securesellcorretora.com.br\/wp-content\/uploads\/2023\/05\/Seguranca-financeira-em-caso-de-doencas-graves-e-acidentes-1024x1024.png 1024w, https:\/\/securesellcorretora.com.br\/wp-content\/uploads\/2023\/05\/Seguranca-financeira-em-caso-de-doencas-graves-e-acidentes-150x150.png 150w, https:\/\/securesellcorretora.com.br\/wp-content\/uploads\/2023\/05\/Seguranca-financeira-em-caso-de-doencas-graves-e-acidentes-768x768.png 768w, https:\/\/securesellcorretora.com.br\/wp-content\/uploads\/2023\/05\/Seguranca-financeira-em-caso-de-doencas-graves-e-acidentes-600x600.png 600w, https:\/\/securesellcorretora.com.br\/wp-content\/uploads\/2023\/05\/Seguranca-financeira-em-caso-de-doencas-graves-e-acidentes-100x100.png 100w, https:\/\/securesellcorretora.com.br\/wp-content\/uploads\/2023\/05\/Seguranca-financeira-em-caso-de-doencas-graves-e-acidentes.png 1200w\" sizes=\"(max-width: 300px) 100vw, 300px\" \/><\/figure><div class=\"elementor-image-box-content\"><h4 class=\"elementor-image-box-title\">Seguran\u00e7a financeira em caso de doen\u00e7as graves e acidentes.<\/h4><\/div><\/div>\t\t<\/div>\n\t\t\t\t<\/div>\n\t\t\t\t\t<\/div>\n\t\t<\/div>\n\t\t\t\t<div class=\"elementor-column elementor-col-16 elementor-inner-column elementor-element elementor-element-dceb1ea\" data-id=\"dceb1ea\" data-element_type=\"column\">\n\t\t\t<div class=\"elementor-widget-wrap elementor-element-populated\">\n\t\t\t\t\t\t\t\t<div class=\"elementor-element elementor-element-6666820 elementor-position-left elementor-vertical-align-middle elementor-widget elementor-widget-image-box\" data-id=\"6666820\" data-element_type=\"widget\" data-widget_type=\"image-box.default\">\n\t\t\t\t<div class=\"elementor-widget-container\">\n\t\t\t<div class=\"elementor-image-box-wrapper\"><figure class=\"elementor-image-box-img\"><img decoding=\"async\" width=\"300\" height=\"300\" src=\"https:\/\/securesellcorretora.com.br\/wp-content\/uploads\/2023\/05\/Beneficios-para-viver-com-mais-saude-e-seguranca-300x300.png\" class=\"elementor-animation-grow attachment-medium size-medium wp-image-401\" alt=\"\" srcset=\"https:\/\/securesellcorretora.com.br\/wp-content\/uploads\/2023\/05\/Beneficios-para-viver-com-mais-saude-e-seguranca-300x300.png 300w, https:\/\/securesellcorretora.com.br\/wp-content\/uploads\/2023\/05\/Beneficios-para-viver-com-mais-saude-e-seguranca-1024x1024.png 1024w, https:\/\/securesellcorretora.com.br\/wp-content\/uploads\/2023\/05\/Beneficios-para-viver-com-mais-saude-e-seguranca-150x150.png 150w, https:\/\/securesellcorretora.com.br\/wp-content\/uploads\/2023\/05\/Beneficios-para-viver-com-mais-saude-e-seguranca-768x768.png 768w, https:\/\/securesellcorretora.com.br\/wp-content\/uploads\/2023\/05\/Beneficios-para-viver-com-mais-saude-e-seguranca-600x600.png 600w, https:\/\/securesellcorretora.com.br\/wp-content\/uploads\/2023\/05\/Beneficios-para-viver-com-mais-saude-e-seguranca-100x100.png 100w, https:\/\/securesellcorretora.com.br\/wp-content\/uploads\/2023\/05\/Beneficios-para-viver-com-mais-saude-e-seguranca.png 1200w\" sizes=\"(max-width: 300px) 100vw, 300px\" \/><\/figure><div class=\"elementor-image-box-content\"><h4 class=\"elementor-image-box-title\">Benef\u00edcios para viver com mais sa\u00fade e seguran\u00e7a.<\/h4><\/div><\/div>\t\t<\/div>\n\t\t\t\t<\/div>\n\t\t\t\t\t<\/div>\n\t\t<\/div>\n\t\t\t\t<div class=\"elementor-column elementor-col-16 elementor-inner-column elementor-element elementor-element-a8a4188\" data-id=\"a8a4188\" data-element_type=\"column\">\n\t\t\t<div class=\"elementor-widget-wrap elementor-element-populated\">\n\t\t\t\t\t\t\t\t<div class=\"elementor-element elementor-element-2f7d690 elementor-position-left elementor-vertical-align-middle elementor-widget elementor-widget-image-box\" data-id=\"2f7d690\" data-element_type=\"widget\" data-widget_type=\"image-box.default\">\n\t\t\t\t<div class=\"elementor-widget-container\">\n\t\t\t<div class=\"elementor-image-box-wrapper\"><figure class=\"elementor-image-box-img\"><img decoding=\"async\" width=\"300\" height=\"300\" src=\"https:\/\/securesellcorretora.com.br\/wp-content\/uploads\/2023\/05\/Assistencia-e-Auxilio-Funeral-300x300.png\" class=\"elementor-animation-grow attachment-medium size-medium wp-image-400\" alt=\"\" srcset=\"https:\/\/securesellcorretora.com.br\/wp-content\/uploads\/2023\/05\/Assistencia-e-Auxilio-Funeral-300x300.png 300w, https:\/\/securesellcorretora.com.br\/wp-content\/uploads\/2023\/05\/Assistencia-e-Auxilio-Funeral-1024x1024.png 1024w, https:\/\/securesellcorretora.com.br\/wp-content\/uploads\/2023\/05\/Assistencia-e-Auxilio-Funeral-150x150.png 150w, https:\/\/securesellcorretora.com.br\/wp-content\/uploads\/2023\/05\/Assistencia-e-Auxilio-Funeral-768x768.png 768w, https:\/\/securesellcorretora.com.br\/wp-content\/uploads\/2023\/05\/Assistencia-e-Auxilio-Funeral-600x600.png 600w, https:\/\/securesellcorretora.com.br\/wp-content\/uploads\/2023\/05\/Assistencia-e-Auxilio-Funeral-100x100.png 100w, https:\/\/securesellcorretora.com.br\/wp-content\/uploads\/2023\/05\/Assistencia-e-Auxilio-Funeral.png 1200w\" sizes=\"(max-width: 300px) 100vw, 300px\" \/><\/figure><div class=\"elementor-image-box-content\"><h4 class=\"elementor-image-box-title\">Assist\u00eancia e Aux\u00edlio Funeral<\/h4><\/div><\/div>\t\t<\/div>\n\t\t\t\t<\/div>\n\t\t\t\t\t<\/div>\n\t\t<\/div>\n\t\t\t\t<div class=\"elementor-column elementor-col-16 elementor-inner-column elementor-element elementor-element-f176a9f\" data-id=\"f176a9f\" data-element_type=\"column\">\n\t\t\t<div class=\"elementor-widget-wrap elementor-element-populated\">\n\t\t\t\t\t\t\t\t<div class=\"elementor-element elementor-element-be81439 elementor-position-left elementor-vertical-align-middle elementor-widget elementor-widget-image-box\" data-id=\"be81439\" data-element_type=\"widget\" data-widget_type=\"image-box.default\">\n\t\t\t\t<div class=\"elementor-widget-container\">\n\t\t\t<div class=\"elementor-image-box-wrapper\"><figure class=\"elementor-image-box-img\"><img decoding=\"async\" width=\"300\" height=\"300\" src=\"https:\/\/securesellcorretora.com.br\/wp-content\/uploads\/2023\/05\/Planos-personalizados-para-voce-sua-familia-e-para-sua-empresa-300x300.png\" class=\"elementor-animation-grow attachment-medium size-medium wp-image-862\" alt=\"\" srcset=\"https:\/\/securesellcorretora.com.br\/wp-content\/uploads\/2023\/05\/Planos-personalizados-para-voce-sua-familia-e-para-sua-empresa-300x300.png 300w, https:\/\/securesellcorretora.com.br\/wp-content\/uploads\/2023\/05\/Planos-personalizados-para-voce-sua-familia-e-para-sua-empresa-1024x1024.png 1024w, https:\/\/securesellcorretora.com.br\/wp-content\/uploads\/2023\/05\/Planos-personalizados-para-voce-sua-familia-e-para-sua-empresa-150x150.png 150w, https:\/\/securesellcorretora.com.br\/wp-content\/uploads\/2023\/05\/Planos-personalizados-para-voce-sua-familia-e-para-sua-empresa-768x768.png 768w, https:\/\/securesellcorretora.com.br\/wp-content\/uploads\/2023\/05\/Planos-personalizados-para-voce-sua-familia-e-para-sua-empresa-600x600.png 600w, https:\/\/securesellcorretora.com.br\/wp-content\/uploads\/2023\/05\/Planos-personalizados-para-voce-sua-familia-e-para-sua-empresa-100x100.png 100w, https:\/\/securesellcorretora.com.br\/wp-content\/uploads\/2023\/05\/Planos-personalizados-para-voce-sua-familia-e-para-sua-empresa.png 1200w\" sizes=\"(max-width: 300px) 100vw, 300px\" \/><\/figure><div class=\"elementor-image-box-content\"><h4 class=\"elementor-image-box-title\">Planos personalizados para voc\u00ea, sua fam\u00edlia e para sua empresa.<\/h4><\/div><\/div>\t\t<\/div>\n\t\t\t\t<\/div>\n\t\t\t\t\t<\/div>\n\t\t<\/div>\n\t\t\t\t<div class=\"elementor-column elementor-col-16 elementor-inner-column elementor-element elementor-element-147378b\" data-id=\"147378b\" data-element_type=\"column\">\n\t\t\t<div class=\"elementor-widget-wrap\">\n\t\t\t\t\t\t\t\t\t<\/div>\n\t\t<\/div>\n\t\t\t\t\t\t\t<\/div>\n\t\t<\/section>\n\t\t\t\t<section class=\"elementor-section elementor-inner-section elementor-element elementor-element-5cde76c elementor-section-full_width elementor-hidden-tablet elementor-hidden-mobile elementor-section-height-default elementor-section-height-default\" data-id=\"5cde76c\" data-element_type=\"section\">\n\t\t\t\t\t\t<div class=\"elementor-container elementor-column-gap-no\">\n\t\t\t\t\t<div class=\"elementor-column elementor-col-33 elementor-inner-column elementor-element elementor-element-20e7985\" data-id=\"20e7985\" data-element_type=\"column\">\n\t\t\t<div class=\"elementor-widget-wrap elementor-element-populated\">\n\t\t\t\t\t\t\t\t<div class=\"elementor-element elementor-element-ef37d32 elementor-position-left elementor-vertical-align-middle elementor-widget elementor-widget-image-box\" data-id=\"ef37d32\" data-element_type=\"widget\" data-widget_type=\"image-box.default\">\n\t\t\t\t<div class=\"elementor-widget-container\">\n\t\t\t<div class=\"elementor-image-box-wrapper\"><figure class=\"elementor-image-box-img\"><img decoding=\"async\" width=\"300\" height=\"300\" src=\"https:\/\/securesellcorretora.com.br\/wp-content\/uploads\/2023\/05\/Cobertura-em-caso-de-morte-acidental-e-natural-300x300.png\" class=\"elementor-animation-grow attachment-medium size-medium wp-image-402\" alt=\"\" srcset=\"https:\/\/securesellcorretora.com.br\/wp-content\/uploads\/2023\/05\/Cobertura-em-caso-de-morte-acidental-e-natural-300x300.png 300w, https:\/\/securesellcorretora.com.br\/wp-content\/uploads\/2023\/05\/Cobertura-em-caso-de-morte-acidental-e-natural-1024x1024.png 1024w, https:\/\/securesellcorretora.com.br\/wp-content\/uploads\/2023\/05\/Cobertura-em-caso-de-morte-acidental-e-natural-150x150.png 150w, https:\/\/securesellcorretora.com.br\/wp-content\/uploads\/2023\/05\/Cobertura-em-caso-de-morte-acidental-e-natural-768x768.png 768w, https:\/\/securesellcorretora.com.br\/wp-content\/uploads\/2023\/05\/Cobertura-em-caso-de-morte-acidental-e-natural-600x600.png 600w, https:\/\/securesellcorretora.com.br\/wp-content\/uploads\/2023\/05\/Cobertura-em-caso-de-morte-acidental-e-natural-100x100.png 100w, https:\/\/securesellcorretora.com.br\/wp-content\/uploads\/2023\/05\/Cobertura-em-caso-de-morte-acidental-e-natural.png 1200w\" sizes=\"(max-width: 300px) 100vw, 300px\" \/><\/figure><div class=\"elementor-image-box-content\"><h4 class=\"elementor-image-box-title\">Cobertura em caso de morte acidental e natural<\/h4><\/div><\/div>\t\t<\/div>\n\t\t\t\t<\/div>\n\t\t\t\t\t<\/div>\n\t\t<\/div>\n\t\t\t\t<div class=\"elementor-column elementor-col-33 elementor-inner-column elementor-element elementor-element-c111fc1\" data-id=\"c111fc1\" data-element_type=\"column\">\n\t\t\t<div class=\"elementor-widget-wrap elementor-element-populated\">\n\t\t\t\t\t\t\t\t<div class=\"elementor-element elementor-element-77cf92b elementor-position-left elementor-vertical-align-middle elementor-widget elementor-widget-image-box\" data-id=\"77cf92b\" data-element_type=\"widget\" data-widget_type=\"image-box.default\">\n\t\t\t\t<div class=\"elementor-widget-container\">\n\t\t\t<div class=\"elementor-image-box-wrapper\"><figure class=\"elementor-image-box-img\"><img decoding=\"async\" width=\"300\" height=\"300\" src=\"https:\/\/securesellcorretora.com.br\/wp-content\/uploads\/2023\/05\/Seguranca-financeira-em-caso-de-doencas-graves-e-acidentes-300x300.png\" class=\"elementor-animation-grow attachment-medium size-medium wp-image-404\" alt=\"\" srcset=\"https:\/\/securesellcorretora.com.br\/wp-content\/uploads\/2023\/05\/Seguranca-financeira-em-caso-de-doencas-graves-e-acidentes-300x300.png 300w, https:\/\/securesellcorretora.com.br\/wp-content\/uploads\/2023\/05\/Seguranca-financeira-em-caso-de-doencas-graves-e-acidentes-1024x1024.png 1024w, https:\/\/securesellcorretora.com.br\/wp-content\/uploads\/2023\/05\/Seguranca-financeira-em-caso-de-doencas-graves-e-acidentes-150x150.png 150w, https:\/\/securesellcorretora.com.br\/wp-content\/uploads\/2023\/05\/Seguranca-financeira-em-caso-de-doencas-graves-e-acidentes-768x768.png 768w, https:\/\/securesellcorretora.com.br\/wp-content\/uploads\/2023\/05\/Seguranca-financeira-em-caso-de-doencas-graves-e-acidentes-600x600.png 600w, https:\/\/securesellcorretora.com.br\/wp-content\/uploads\/2023\/05\/Seguranca-financeira-em-caso-de-doencas-graves-e-acidentes-100x100.png 100w, https:\/\/securesellcorretora.com.br\/wp-content\/uploads\/2023\/05\/Seguranca-financeira-em-caso-de-doencas-graves-e-acidentes.png 1200w\" sizes=\"(max-width: 300px) 100vw, 300px\" \/><\/figure><div class=\"elementor-image-box-content\"><h4 class=\"elementor-image-box-title\">Seguran\u00e7a financeira em caso de doen\u00e7as graves e acidentes.<\/h4><\/div><\/div>\t\t<\/div>\n\t\t\t\t<\/div>\n\t\t\t\t\t<\/div>\n\t\t<\/div>\n\t\t\t\t<div class=\"elementor-column elementor-col-33 elementor-inner-column elementor-element elementor-element-5e11149\" data-id=\"5e11149\" data-element_type=\"column\">\n\t\t\t<div class=\"elementor-widget-wrap elementor-element-populated\">\n\t\t\t\t\t\t\t\t<div class=\"elementor-element elementor-element-c1514c1 elementor-position-left elementor-vertical-align-middle elementor-widget elementor-widget-image-box\" data-id=\"c1514c1\" data-element_type=\"widget\" data-widget_type=\"image-box.default\">\n\t\t\t\t<div class=\"elementor-widget-container\">\n\t\t\t<div class=\"elementor-image-box-wrapper\"><figure class=\"elementor-image-box-img\"><img decoding=\"async\" width=\"300\" height=\"300\" src=\"https:\/\/securesellcorretora.com.br\/wp-content\/uploads\/2023\/05\/Beneficios-para-viver-com-mais-saude-e-seguranca-300x300.png\" class=\"elementor-animation-grow attachment-medium size-medium wp-image-401\" alt=\"\" srcset=\"https:\/\/securesellcorretora.com.br\/wp-content\/uploads\/2023\/05\/Beneficios-para-viver-com-mais-saude-e-seguranca-300x300.png 300w, https:\/\/securesellcorretora.com.br\/wp-content\/uploads\/2023\/05\/Beneficios-para-viver-com-mais-saude-e-seguranca-1024x1024.png 1024w, https:\/\/securesellcorretora.com.br\/wp-content\/uploads\/2023\/05\/Beneficios-para-viver-com-mais-saude-e-seguranca-150x150.png 150w, https:\/\/securesellcorretora.com.br\/wp-content\/uploads\/2023\/05\/Beneficios-para-viver-com-mais-saude-e-seguranca-768x768.png 768w, https:\/\/securesellcorretora.com.br\/wp-content\/uploads\/2023\/05\/Beneficios-para-viver-com-mais-saude-e-seguranca-600x600.png 600w, https:\/\/securesellcorretora.com.br\/wp-content\/uploads\/2023\/05\/Beneficios-para-viver-com-mais-saude-e-seguranca-100x100.png 100w, https:\/\/securesellcorretora.com.br\/wp-content\/uploads\/2023\/05\/Beneficios-para-viver-com-mais-saude-e-seguranca.png 1200w\" sizes=\"(max-width: 300px) 100vw, 300px\" \/><\/figure><div class=\"elementor-image-box-content\"><h4 class=\"elementor-image-box-title\">Benef\u00edcios para viver com mais sa\u00fade e seguran\u00e7a.<\/h4><\/div><\/div>\t\t<\/div>\n\t\t\t\t<\/div>\n\t\t\t\t\t<\/div>\n\t\t<\/div>\n\t\t\t\t\t\t\t<\/div>\n\t\t<\/section>\n\t\t\t\t<section class=\"elementor-section elementor-inner-section elementor-element elementor-element-90076ef elementor-section-full_width elementor-hidden-tablet elementor-hidden-mobile elementor-section-height-default elementor-section-height-default\" data-id=\"90076ef\" data-element_type=\"section\">\n\t\t\t\t\t\t<div class=\"elementor-container elementor-column-gap-no\">\n\t\t\t\t\t<div class=\"elementor-column elementor-col-33 elementor-inner-column elementor-element elementor-element-5848538\" data-id=\"5848538\" data-element_type=\"column\">\n\t\t\t<div class=\"elementor-widget-wrap elementor-element-populated\">\n\t\t\t\t\t\t\t\t<div class=\"elementor-element elementor-element-9eb64e0 elementor-position-left elementor-vertical-align-middle elementor-widget elementor-widget-image-box\" data-id=\"9eb64e0\" data-element_type=\"widget\" data-widget_type=\"image-box.default\">\n\t\t\t\t<div class=\"elementor-widget-container\">\n\t\t\t<div class=\"elementor-image-box-wrapper\"><figure class=\"elementor-image-box-img\"><img decoding=\"async\" width=\"300\" height=\"300\" src=\"https:\/\/securesellcorretora.com.br\/wp-content\/uploads\/2023\/05\/Planos-personalizados-para-voce-sua-familia-e-para-sua-empresa-300x300.png\" class=\"elementor-animation-grow attachment-medium size-medium wp-image-862\" alt=\"\" srcset=\"https:\/\/securesellcorretora.com.br\/wp-content\/uploads\/2023\/05\/Planos-personalizados-para-voce-sua-familia-e-para-sua-empresa-300x300.png 300w, https:\/\/securesellcorretora.com.br\/wp-content\/uploads\/2023\/05\/Planos-personalizados-para-voce-sua-familia-e-para-sua-empresa-1024x1024.png 1024w, https:\/\/securesellcorretora.com.br\/wp-content\/uploads\/2023\/05\/Planos-personalizados-para-voce-sua-familia-e-para-sua-empresa-150x150.png 150w, https:\/\/securesellcorretora.com.br\/wp-content\/uploads\/2023\/05\/Planos-personalizados-para-voce-sua-familia-e-para-sua-empresa-768x768.png 768w, https:\/\/securesellcorretora.com.br\/wp-content\/uploads\/2023\/05\/Planos-personalizados-para-voce-sua-familia-e-para-sua-empresa-600x600.png 600w, https:\/\/securesellcorretora.com.br\/wp-content\/uploads\/2023\/05\/Planos-personalizados-para-voce-sua-familia-e-para-sua-empresa-100x100.png 100w, https:\/\/securesellcorretora.com.br\/wp-content\/uploads\/2023\/05\/Planos-personalizados-para-voce-sua-familia-e-para-sua-empresa.png 1200w\" sizes=\"(max-width: 300px) 100vw, 300px\" \/><\/figure><div class=\"elementor-image-box-content\"><h4 class=\"elementor-image-box-title\">Planos personalizados para voc\u00ea, sua fam\u00edlia e para sua empresa.<\/h4><\/div><\/div>\t\t<\/div>\n\t\t\t\t<\/div>\n\t\t\t\t\t<\/div>\n\t\t<\/div>\n\t\t\t\t<div class=\"elementor-column elementor-col-33 elementor-inner-column elementor-element elementor-element-bf4198f\" data-id=\"bf4198f\" data-element_type=\"column\">\n\t\t\t<div class=\"elementor-widget-wrap elementor-element-populated\">\n\t\t\t\t\t\t\t\t<div class=\"elementor-element elementor-element-49116fa elementor-position-left elementor-vertical-align-middle elementor-widget elementor-widget-image-box\" data-id=\"49116fa\" data-element_type=\"widget\" data-widget_type=\"image-box.default\">\n\t\t\t\t<div class=\"elementor-widget-container\">\n\t\t\t<div class=\"elementor-image-box-wrapper\"><figure class=\"elementor-image-box-img\"><img decoding=\"async\" width=\"300\" height=\"300\" src=\"https:\/\/securesellcorretora.com.br\/wp-content\/uploads\/2023\/05\/Assistencia-e-Auxilio-Funeral-300x300.png\" class=\"elementor-animation-grow attachment-medium size-medium wp-image-400\" alt=\"\" srcset=\"https:\/\/securesellcorretora.com.br\/wp-content\/uploads\/2023\/05\/Assistencia-e-Auxilio-Funeral-300x300.png 300w, https:\/\/securesellcorretora.com.br\/wp-content\/uploads\/2023\/05\/Assistencia-e-Auxilio-Funeral-1024x1024.png 1024w, https:\/\/securesellcorretora.com.br\/wp-content\/uploads\/2023\/05\/Assistencia-e-Auxilio-Funeral-150x150.png 150w, https:\/\/securesellcorretora.com.br\/wp-content\/uploads\/2023\/05\/Assistencia-e-Auxilio-Funeral-768x768.png 768w, https:\/\/securesellcorretora.com.br\/wp-content\/uploads\/2023\/05\/Assistencia-e-Auxilio-Funeral-600x600.png 600w, https:\/\/securesellcorretora.com.br\/wp-content\/uploads\/2023\/05\/Assistencia-e-Auxilio-Funeral-100x100.png 100w, https:\/\/securesellcorretora.com.br\/wp-content\/uploads\/2023\/05\/Assistencia-e-Auxilio-Funeral.png 1200w\" sizes=\"(max-width: 300px) 100vw, 300px\" \/><\/figure><div class=\"elementor-image-box-content\"><h4 class=\"elementor-image-box-title\">Assist\u00eancia e Aux\u00edlio Funeral<\/h4><\/div><\/div>\t\t<\/div>\n\t\t\t\t<\/div>\n\t\t\t\t\t<\/div>\n\t\t<\/div>\n\t\t\t\t<div class=\"elementor-column elementor-col-33 elementor-inner-column elementor-element elementor-element-bc0544d\" data-id=\"bc0544d\" data-element_type=\"column\">\n\t\t\t<div class=\"elementor-widget-wrap elementor-element-populated\">\n\t\t\t\t\t\t\t\t<div class=\"elementor-element elementor-element-50bd792 elementor-position-left elementor-vertical-align-middle elementor-widget elementor-widget-image-box\" data-id=\"50bd792\" data-element_type=\"widget\" data-widget_type=\"image-box.default\">\n\t\t\t\t<div class=\"elementor-widget-container\">\n\t\t\t<div class=\"elementor-image-box-wrapper\"><\/div>\t\t<\/div>\n\t\t\t\t<\/div>\n\t\t\t\t\t<\/div>\n\t\t<\/div>\n\t\t\t\t\t\t\t<\/div>\n\t\t<\/section>\n\t\t\t\t\t<\/div>\n\t\t<\/div>\n\t\t\t\t\t\t\t<\/div>\n\t\t<\/section>\n\t\t\t\t<section class=\"elementor-section elementor-top-section elementor-element elementor-element-1d12bf5a elementor-section-height-min-height elementor-section-items-stretch elementor-section-content-middle elementor-section-boxed elementor-section-height-default\" data-id=\"1d12bf5a\" data-element_type=\"section\" data-settings=\"{&quot;background_background&quot;:&quot;classic&quot;}\">\n\t\t\t\t\t\t<div class=\"elementor-container elementor-column-gap-no\">\n\t\t\t\t\t<div class=\"elementor-column elementor-col-33 elementor-top-column elementor-element elementor-element-652156d1\" data-id=\"652156d1\" data-element_type=\"column\" data-settings=\"{&quot;background_background&quot;:&quot;classic&quot;}\">\n\t\t\t<div class=\"elementor-widget-wrap elementor-element-populated\">\n\t\t\t\t\t\t\t\t<div class=\"elementor-element elementor-element-176b909 elementor-widget elementor-widget-spacer\" data-id=\"176b909\" data-element_type=\"widget\" data-widget_type=\"spacer.default\">\n\t\t\t\t<div class=\"elementor-widget-container\">\n\t\t\t<style>\/*! elementor - v3.12.1 - 02-04-2023 *\/\n.elementor-column .elementor-spacer-inner{height:var(--spacer-size)}.e-con{--container-widget-width:100%}.e-con-inner>.elementor-widget-spacer,.e-con>.elementor-widget-spacer{width:var(--container-widget-width,var(--spacer-size));--align-self:var(--container-widget-align-self,initial);--flex-shrink:0}.e-con-inner>.elementor-widget-spacer>.elementor-widget-container,.e-con-inner>.elementor-widget-spacer>.elementor-widget-container>.elementor-spacer,.e-con>.elementor-widget-spacer>.elementor-widget-container,.e-con>.elementor-widget-spacer>.elementor-widget-container>.elementor-spacer{height:100%}.e-con-inner>.elementor-widget-spacer>.elementor-widget-container>.elementor-spacer>.elementor-spacer-inner,.e-con>.elementor-widget-spacer>.elementor-widget-container>.elementor-spacer>.elementor-spacer-inner{height:var(--container-widget-height,var(--spacer-size))}<\/style>\t\t<div class=\"elementor-spacer\">\n\t\t\t<div class=\"elementor-spacer-inner\"><\/div>\n\t\t<\/div>\n\t\t\t\t<\/div>\n\t\t\t\t<\/div>\n\t\t\t\t<div class=\"elementor-element elementor-element-b3d4eac elementor-widget elementor-widget-image\" data-id=\"b3d4eac\" data-element_type=\"widget\" data-widget_type=\"image.default\">\n\t\t\t\t<div class=\"elementor-widget-container\">\n\t\t\t<style>\/*! elementor - v3.12.1 - 02-04-2023 *\/\n.elementor-widget-image{text-align:center}.elementor-widget-image a{display:inline-block}.elementor-widget-image a img[src$=\".svg\"]{width:48px}.elementor-widget-image img{vertical-align:middle;display:inline-block}<\/style>\t\t\t\t\t\t\t\t\t\t\t\t<picture><source srcset=\"https:\/\/securesellcorretora.com.br\/wp-content\/uploads\/2023\/06\/Para-que-ter-Seguro-de-Vida-.webp \"  type=\"image\/webp\"><img src=\"https:\/\/securesellcorretora.com.br\/wp-content\/uploads\/2023\/06\/Para-que-ter-Seguro-de-Vida-.png\" class=\" sp-no-webp\" alt=\"Para-que-ter-Seguro-de-Vida-\"decoding=\"async\" title=\"Para-que-ter-Seguro-de-Vida-\" loading=\"lazy\"  > <\/picture>\t\t\t\t\t\t\t\t\t\t\t\t\t\t\t<\/div>\n\t\t\t\t<\/div>\n\t\t\t\t<div class=\"elementor-element elementor-element-6453f84 elementor-widget elementor-widget-spacer\" data-id=\"6453f84\" data-element_type=\"widget\" data-widget_type=\"spacer.default\">\n\t\t\t\t<div class=\"elementor-widget-container\">\n\t\t\t\t\t<div class=\"elementor-spacer\">\n\t\t\t<div class=\"elementor-spacer-inner\"><\/div>\n\t\t<\/div>\n\t\t\t\t<\/div>\n\t\t\t\t<\/div>\n\t\t\t\t\t<\/div>\n\t\t<\/div>\n\t\t\t\t<div class=\"elementor-column elementor-col-66 elementor-top-column elementor-element elementor-element-43e01682\" data-id=\"43e01682\" data-element_type=\"column\">\n\t\t\t<div class=\"elementor-widget-wrap elementor-element-populated\">\n\t\t\t\t\t\t\t\t<div class=\"elementor-element elementor-element-5020fb3f elementor-widget elementor-widget-heading\" data-id=\"5020fb3f\" data-element_type=\"widget\" data-widget_type=\"heading.default\">\n\t\t\t\t<div class=\"elementor-widget-container\">\n\t\t\t<h2 class=\"elementor-heading-title elementor-size-default\">Para que ter Seguro de Vida?<\/h2>\t\t<\/div>\n\t\t\t\t<\/div>\n\t\t\t\t<div class=\"elementor-element elementor-element-7a921634 elementor-widget elementor-widget-text-editor\" data-id=\"7a921634\" data-element_type=\"widget\" data-widget_type=\"text-editor.default\">\n\t\t\t\t<div class=\"elementor-widget-container\">\n\t\t\t\t\t\t\t<p>N\u00e3o sabemos o futuro, mas podemos planej\u00e1-lo. Com um seguro de vida, existe a tranquilidade financeira da fam\u00edlia em casos de imprevistos. Um amparo para lidar com os momentos dif\u00edceis sem preocupar-se com as contas.<\/p>\t\t\t\t\t\t<\/div>\n\t\t\t\t<\/div>\n\t\t\t\t\t<\/div>\n\t\t<\/div>\n\t\t\t\t\t\t\t<\/div>\n\t\t<\/section>\n\t\t\t\t<section class=\"elementor-section elementor-top-section elementor-element elementor-element-e944612 elementor-section-height-min-height elementor-section-items-stretch elementor-section-content-middle elementor-section-boxed elementor-section-height-default\" data-id=\"e944612\" data-element_type=\"section\" data-settings=\"{&quot;background_background&quot;:&quot;classic&quot;}\">\n\t\t\t\t\t\t<div class=\"elementor-container elementor-column-gap-no\">\n\t\t\t\t\t<div class=\"elementor-column elementor-col-33 elementor-top-column elementor-element elementor-element-0e7b8b6\" data-id=\"0e7b8b6\" data-element_type=\"column\" data-settings=\"{&quot;background_background&quot;:&quot;classic&quot;}\">\n\t\t\t<div class=\"elementor-widget-wrap elementor-element-populated\">\n\t\t\t\t\t\t\t\t<div class=\"elementor-element elementor-element-d1374ea elementor-widget elementor-widget-spacer\" data-id=\"d1374ea\" data-element_type=\"widget\" data-widget_type=\"spacer.default\">\n\t\t\t\t<div class=\"elementor-widget-container\">\n\t\t\t\t\t<div class=\"elementor-spacer\">\n\t\t\t<div class=\"elementor-spacer-inner\"><\/div>\n\t\t<\/div>\n\t\t\t\t<\/div>\n\t\t\t\t<\/div>\n\t\t\t\t<div class=\"elementor-element elementor-element-c0a370d elementor-widget elementor-widget-image\" data-id=\"c0a370d\" data-element_type=\"widget\" data-widget_type=\"image.default\">\n\t\t\t\t<div class=\"elementor-widget-container\">\n\t\t\t\t\t\t\t\t\t\t\t\t\t\t\t<img decoding=\"async\" width=\"150\" height=\"150\" src=\"https:\/\/securesellcorretora.com.br\/wp-content\/uploads\/2023\/05\/Qual-o-custo-de-um-seguro-de-vida_Para-que-ter-Seguro-de-Vida_-150x150.png\" class=\"attachment-thumbnail size-thumbnail wp-image-403\" alt=\"\" srcset=\"https:\/\/securesellcorretora.com.br\/wp-content\/uploads\/2023\/05\/Qual-o-custo-de-um-seguro-de-vida_Para-que-ter-Seguro-de-Vida_-150x150.png 150w, https:\/\/securesellcorretora.com.br\/wp-content\/uploads\/2023\/05\/Qual-o-custo-de-um-seguro-de-vida_Para-que-ter-Seguro-de-Vida_-300x300.png 300w, https:\/\/securesellcorretora.com.br\/wp-content\/uploads\/2023\/05\/Qual-o-custo-de-um-seguro-de-vida_Para-que-ter-Seguro-de-Vida_-1024x1024.png 1024w, https:\/\/securesellcorretora.com.br\/wp-content\/uploads\/2023\/05\/Qual-o-custo-de-um-seguro-de-vida_Para-que-ter-Seguro-de-Vida_-768x768.png 768w, https:\/\/securesellcorretora.com.br\/wp-content\/uploads\/2023\/05\/Qual-o-custo-de-um-seguro-de-vida_Para-que-ter-Seguro-de-Vida_-600x600.png 600w, https:\/\/securesellcorretora.com.br\/wp-content\/uploads\/2023\/05\/Qual-o-custo-de-um-seguro-de-vida_Para-que-ter-Seguro-de-Vida_-100x100.png 100w, https:\/\/securesellcorretora.com.br\/wp-content\/uploads\/2023\/05\/Qual-o-custo-de-um-seguro-de-vida_Para-que-ter-Seguro-de-Vida_.png 1200w\" sizes=\"(max-width: 150px) 100vw, 150px\" \/>\t\t\t\t\t\t\t\t\t\t\t\t\t\t\t<\/div>\n\t\t\t\t<\/div>\n\t\t\t\t<div class=\"elementor-element elementor-element-51a1336 elementor-widget elementor-widget-spacer\" data-id=\"51a1336\" data-element_type=\"widget\" data-widget_type=\"spacer.default\">\n\t\t\t\t<div class=\"elementor-widget-container\">\n\t\t\t\t\t<div class=\"elementor-spacer\">\n\t\t\t<div class=\"elementor-spacer-inner\"><\/div>\n\t\t<\/div>\n\t\t\t\t<\/div>\n\t\t\t\t<\/div>\n\t\t\t\t\t<\/div>\n\t\t<\/div>\n\t\t\t\t<div class=\"elementor-column elementor-col-66 elementor-top-column elementor-element elementor-element-2cac64e\" data-id=\"2cac64e\" data-element_type=\"column\">\n\t\t\t<div class=\"elementor-widget-wrap elementor-element-populated\">\n\t\t\t\t\t\t\t\t<div class=\"elementor-element elementor-element-aa2efda elementor-widget elementor-widget-heading\" data-id=\"aa2efda\" data-element_type=\"widget\" data-widget_type=\"heading.default\">\n\t\t\t\t<div class=\"elementor-widget-container\">\n\t\t\t<h2 class=\"elementor-heading-title elementor-size-default\">Qual o custo de um seguro de vida?\nPara que ter Seguro de Vida?<\/h2>\t\t<\/div>\n\t\t\t\t<\/div>\n\t\t\t\t<div class=\"elementor-element elementor-element-fa7eeaf elementor-widget elementor-widget-text-editor\" data-id=\"fa7eeaf\" data-element_type=\"widget\" data-widget_type=\"text-editor.default\">\n\t\t\t\t<div class=\"elementor-widget-container\">\n\t\t\t\t\t\t\t<p>Oferecemos planos diversos que se adequam ao seu bolso para que voc\u00ea possa pagar com tranquilidade e fornecer prote\u00e7\u00e3o para voc\u00ea e sua fam\u00edlia. Planos a partir de R$ 6,90 por m\u00eas.<\/p>\t\t\t\t\t\t<\/div>\n\t\t\t\t<\/div>\n\t\t\t\t\t<\/div>\n\t\t<\/div>\n\t\t\t\t\t\t\t<\/div>\n\t\t<\/section>\n\t\t\t\t<section class=\"elementor-section elementor-inner-section elementor-element elementor-element-b74969b elementor-section-boxed elementor-section-height-default elementor-section-height-default\" data-id=\"b74969b\" data-element_type=\"section\">\n\t\t\t\t\t\t<div class=\"elementor-container elementor-column-gap-default\">\n\t\t\t\t\t\t\t\t<\/div>\n\t\t<\/section>\n\t\t\t\t\t\t\t<\/div>\n\t\t","protected":false},"excerpt":{"rendered":"<p>Voc\u00ea merece estar tranquilo. N\u00f3s temos a solu\u00e7\u00e3o!<br \/>\nEscolha seguran\u00e7a financeira para sua fam\u00edlia em momentos dif\u00edceis.<br \/>\nConhe\u00e7a mais sobre o seguro de vida e tenha uma vida mais tranquila!<\/p>\n","protected":false},"author":1,"featured_media":0,"parent":0,"menu_order":0,"comment_status":"closed","ping_status":"closed","template":"elementor_header_footer","meta":[],"_links":{"self":[{"href":"https:\/\/securesellcorretora.com.br\/index.php\/wp-json\/wp\/v2\/pages\/331"}],"collection":[{"href":"https:\/\/securesellcorretora.com.br\/index.php\/wp-json\/wp\/v2\/pages"}],"about":[{"href":"https:\/\/securesellcorretora.com.br\/index.php\/wp-json\/wp\/v2\/types\/page"}],"author":[{"embeddable":true,"href":"https:\/\/securesellcorretora.com.br\/index.php\/wp-json\/wp\/v2\/users\/1"}],"replies":[{"embeddable":true,"href":"https:\/\/securesellcorretora.com.br\/index.php\/wp-json\/wp\/v2\/comments?post=331"}],"version-history":[{"count":0,"href":"https:\/\/securesellcorretora.com.br\/index.php\/wp-json\/wp\/v2\/pages\/331\/revisions"}],"wp:attachment":[{"href":"https:\/\/securesellcorretora.com.br\/index.php\/wp-json\/wp\/v2\/media?parent=331"}],"curies":[{"name":"wp","href":"https:\/\/api.w.org\/{rel}","templated":true}]}}